{"id":2784,"date":"2024-12-26T11:33:56","date_gmt":"2024-12-26T11:33:56","guid":{"rendered":"https:\/\/pravobranilastvobd.ba\/hr\/?page_id=2784"},"modified":"2025-03-30T13:56:33","modified_gmt":"2025-03-30T13:56:33","slug":"program-rada","status":"publish","type":"page","link":"https:\/\/pravobranilastvobd.ba\/hr\/program-rada\/","title":{"rendered":"Program rada"},"content":{"rendered":"\t\t<div data-elementor-type=\"wp-page\" data-elementor-id=\"2784\" class=\"elementor elementor-2784\">\n\t\t\t\t\t\t<section class=\"elementor-section elementor-top-section elementor-element elementor-element-f2af29a elementor-section-full_width elementor-section-height-default elementor-section-height-default\" data-id=\"f2af29a\" data-element_type=\"section\" data-e-type=\"section\">\n\t\t\t\t\t\t<div class=\"elementor-container elementor-column-gap-default\">\n\t\t\t\t\t<div class=\"elementor-column elementor-col-100 elementor-top-column elementor-element elementor-element-5d61d51\" data-id=\"5d61d51\" data-element_type=\"column\" data-e-type=\"column\">\n\t\t\t<div class=\"elementor-widget-wrap elementor-element-populated\">\n\t\t\t\t\t\t<section class=\"elementor-section elementor-inner-section elementor-element elementor-element-dcc6043 elementor-section-boxed elementor-section-height-default elementor-section-height-default\" data-id=\"dcc6043\" data-element_type=\"section\" data-e-type=\"section\">\n\t\t\t\t\t\t<div class=\"elementor-container elementor-column-gap-default\">\n\t\t\t\t\t<div class=\"elementor-column elementor-col-100 elementor-inner-column elementor-element elementor-element-f8d1752\" data-id=\"f8d1752\" data-element_type=\"column\" data-e-type=\"column\">\n\t\t\t<div class=\"elementor-widget-wrap elementor-element-populated\">\n\t\t\t\t\t\t<div class=\"elementor-element elementor-element-ffc1a16 elementor-widget elementor-widget-towngov_department_grid\" data-id=\"ffc1a16\" data-element_type=\"widget\" data-e-type=\"widget\" data-widget_type=\"towngov_department_grid.default\">\n\t\t\t\t<div class=\"elementor-widget-container\">\n\t\t\t\t\t\t\r\n        \r\n    <div class=\"row row-gutter-30\">\r\n                        <div class=\"col-lg-4 col-xl-4\">\r\n            <div class=\"department-two-card\">\r\n                <div class=\"department-two-imgbox\">\r\n                    <div class=\"department-two-img\">\r\n                        <div class=\"img-fluid\"><img fetchpriority=\"high\" decoding=\"async\" width=\"376\" height=\"251\" src=\"https:\/\/pravobranilastvobd.ba\/hr\/wp-content\/uploads\/sites\/4\/2025\/02\/Izvjestaj-376x251.png\" class=\"attachment-towngov_376x251 size-towngov_376x251 wp-post-image\" alt=\"\" \/><\/div>\r\n                        <a href=\"https:\/\/pravobranilastvobd.ba\/hr\/blog\/department\/program-rada-pravobraniteljstva-brcko-distrikta-bih-za-2025-godinu\/\"><\/a>\r\n                    <\/div><!-- department-two-img -->\r\n                    <div class=\"department-two-img-icon\">\r\n                        <a href=\"https:\/\/pravobranilastvobd.ba\/hr\/blog\/department\/program-rada-pravobraniteljstva-brcko-distrikta-bih-za-2025-godinu\/\"><i class=\"icon flaticon-briefcase\"><\/i><\/a>\r\n                    <\/div><!-- department-two-img-icon -->\r\n                <\/div><!-- department-two-imgbox -->\r\n                <div class=\"department-two-content tg-content-box\">\r\n                    <h4 class=\"tg-service-title\"><a href=\"https:\/\/pravobranilastvobd.ba\/hr\/blog\/department\/program-rada-pravobraniteljstva-brcko-distrikta-bih-za-2025-godinu\/\">Program rada Pravobraniteljstva Br\u010dko distrikta BiH za 2025. godinu<\/a><\/h4>\r\n                    <p class=\"tg-service-text\">Program rada Pravobraniteljstva Br\u010dko distrikta BiH za 2025. godinu &nbsp;<\/p>\r\n                    <div class=\"department-two-button tg-service-btn\">\r\n                        <a href=\"https:\/\/pravobranilastvobd.ba\/hr\/blog\/department\/program-rada-pravobraniteljstva-brcko-distrikta-bih-za-2025-godinu\/\">\r\n                        \t                            <i class=\"fas fa-long-arrow-alt-right\"><\/i>                                                        <span>\r\n                                                                    Pro\u010ditajte vi\u0161e                                 \r\n                            <\/span>\t\r\n                        <\/a>\r\n                    <\/div><!-- department-two-button -->\r\n                <\/div><!-- department-two-content -->\r\n            <\/div><!--department-two-card-->\r\n        <\/div><!-- col-12 col-lg-4 -->\r\n                        <div class=\"col-lg-4 col-xl-4\">\r\n            <div class=\"department-two-card\">\r\n                <div class=\"department-two-imgbox\">\r\n                    <div class=\"department-two-img\">\r\n                        <div class=\"img-fluid\"><img fetchpriority=\"high\" decoding=\"async\" width=\"376\" height=\"251\" src=\"https:\/\/pravobranilastvobd.ba\/hr\/wp-content\/uploads\/sites\/4\/2025\/02\/Izvjestaj-376x251.png\" class=\"attachment-towngov_376x251 size-towngov_376x251 wp-post-image\" alt=\"\" \/><\/div>\r\n                        <a href=\"https:\/\/pravobranilastvobd.ba\/hr\/blog\/department\/program-rada-pravobraniteljstva-brcko-distrikta-bih-za-2026-godinu\/\"><\/a>\r\n                    <\/div><!-- department-two-img -->\r\n                    <div class=\"department-two-img-icon\">\r\n                        <a href=\"https:\/\/pravobranilastvobd.ba\/hr\/blog\/department\/program-rada-pravobraniteljstva-brcko-distrikta-bih-za-2026-godinu\/\"><i class=\"icon flaticon-briefcase\"><\/i><\/a>\r\n                    <\/div><!-- department-two-img-icon -->\r\n                <\/div><!-- department-two-imgbox -->\r\n                <div class=\"department-two-content tg-content-box\">\r\n                    <h4 class=\"tg-service-title\"><a href=\"https:\/\/pravobranilastvobd.ba\/hr\/blog\/department\/program-rada-pravobraniteljstva-brcko-distrikta-bih-za-2026-godinu\/\">Program rada Pravobraniteljstva Br\u010dko distrikta BiH za 2026. godinu<\/a><\/h4>\r\n                    <p class=\"tg-service-text\">Program rada Pravobraniteljstva Br\u010dko distrikta BiH za 2026. godinu &nbsp;<\/p>\r\n                    <div class=\"department-two-button tg-service-btn\">\r\n                        <a href=\"https:\/\/pravobranilastvobd.ba\/hr\/blog\/department\/program-rada-pravobraniteljstva-brcko-distrikta-bih-za-2026-godinu\/\">\r\n                        \t                            <i class=\"fas fa-long-arrow-alt-right\"><\/i>                                                        <span>\r\n                                                                    Pro\u010ditajte vi\u0161e                                 \r\n                            <\/span>\t\r\n                        <\/a>\r\n                    <\/div><!-- department-two-button -->\r\n                <\/div><!-- department-two-content -->\r\n            <\/div><!--department-two-card-->\r\n        <\/div><!-- col-12 col-lg-4 -->\r\n              \r\n    <\/div><!-- row -->\r\n           \r\n\t\t\t\t\t\t\t<\/div>\n\t\t\t\t<\/div>\n\t\t\t\t\t<\/div>\n\t\t<\/div>\n\t\t\t\t\t<\/div>\n\t\t<\/section>\n\t\t\t\t\t<\/div>\n\t\t<\/div>\n\t\t\t\t\t<\/div>\n\t\t<\/section>\n\t\t\t\t<\/div>\n\t\t","protected":false},"excerpt":{"rendered":"<p>Izvje\u0161taj za pristup oglasima Aliq is notm hendr erit a augue insu image pellen simply&hellip; Pro\u010ditajte vi\u0161e Izvje\u0161taj o done\u0161enoj odluci Aliq is notm hendr erit a augue insu image [&hellip;]<\/p>\n","protected":false},"author":1,"featured_media":0,"parent":0,"menu_order":0,"comment_status":"closed","ping_status":"closed","template":"tpl-default-elementor.php","meta":{"footnotes":""},"class_list":["post-2784","page","type-page","status-publish","hentry"],"aioseo_notices":[],"_links":{"self":[{"href":"https:\/\/pravobranilastvobd.ba\/hr\/wp-json\/wp\/v2\/pages\/2784","targetHints":{"allow":["GET"]}}],"collection":[{"href":"https:\/\/pravobranilastvobd.ba\/hr\/wp-json\/wp\/v2\/pages"}],"about":[{"href":"https:\/\/pravobranilastvobd.ba\/hr\/wp-json\/wp\/v2\/types\/page"}],"author":[{"embeddable":true,"href":"https:\/\/pravobranilastvobd.ba\/hr\/wp-json\/wp\/v2\/users\/1"}],"replies":[{"embeddable":true,"href":"https:\/\/pravobranilastvobd.ba\/hr\/wp-json\/wp\/v2\/comments?post=2784"}],"version-history":[{"count":8,"href":"https:\/\/pravobranilastvobd.ba\/hr\/wp-json\/wp\/v2\/pages\/2784\/revisions"}],"predecessor-version":[{"id":3506,"href":"https:\/\/pravobranilastvobd.ba\/hr\/wp-json\/wp\/v2\/pages\/2784\/revisions\/3506"}],"wp:attachment":[{"href":"https:\/\/pravobranilastvobd.ba\/hr\/wp-json\/wp\/v2\/media?parent=2784"}],"curies":[{"name":"wp","href":"https:\/\/api.w.org\/{rel}","templated":true}]}}